{"id":2267,"date":"2023-02-04T02:06:53","date_gmt":"2023-02-04T02:06:53","guid":{"rendered":"https:\/\/www.medheus.uevora.pt\/?page_id=2267"},"modified":"2025-11-17T18:15:21","modified_gmt":"2025-11-17T18:15:21","slug":"results","status":"publish","type":"page","link":"https:\/\/www.medheus.uevora.pt\/index.php\/results\/","title":{"rendered":"Results"},"content":{"rendered":"\n<div style=\"height:40px\" aria-hidden=\"true\" class=\"wp-block-spacer\"><\/div>\n\n\n\n<p>In this section the project results foreseen by the MEDHEUS work plan are made available.<\/p>\n\n\n\n<div style=\"height:60px\" aria-hidden=\"true\" class=\"wp-block-spacer\"><\/div>\n\n\n\n<h3 class=\"wp-block-heading has-text-align-left has-neve-link-color-color has-text-color has-link-color wp-elements-8fdc311cccb4dacecb78dac0f5964898\"><strong>Delirevables<\/strong><\/h3>\n\n\n\n<hr class=\"wp-block-separator has-alpha-channel-opacity is-style-default\"\/>\n\n\n\n<div style=\"height:40px\" aria-hidden=\"true\" class=\"wp-block-spacer\"><\/div>\n\n\n\n<div class=\"wp-block-media-text alignwide is-stacked-on-mobile\" style=\"grid-template-columns:15% auto\"><figure class=\"wp-block-media-text__media\"><a href=\"https:\/\/drive.google.com\/file\/d\/1nSklVDbC8pT2iTYXnb-BPVjh-jfWyVf6\/view?usp=sharing\"><img loading=\"lazy\" decoding=\"async\" width=\"940\" height=\"788\" src=\"https:\/\/www.medheus.uevora.pt\/wp-content\/uploads\/2023\/02\/Icon-PDF.png\" alt=\"\" class=\"wp-image-2270 size-full\" srcset=\"https:\/\/www.medheus.uevora.pt\/wp-content\/uploads\/2023\/02\/Icon-PDF.png 940w, https:\/\/www.medheus.uevora.pt\/wp-content\/uploads\/2023\/02\/Icon-PDF-300x251.png 300w, https:\/\/www.medheus.uevora.pt\/wp-content\/uploads\/2023\/02\/Icon-PDF-768x644.png 768w\" sizes=\"auto, (max-width: 940px) 100vw, 940px\" \/><\/a><\/figure><div class=\"wp-block-media-text__content\">\n<h4 class=\"wp-block-heading\">Module Syllabus <\/h4>\n\n\n\n<p>Descriptive document of the contents of the 60 hours module on &#8220;Mediterranean Cultural Heritage in EU Policies&#8221;. It contains information about assessment methods, scheduling, course structure, lesson plans, and indication of resources to explore, readings and essential bibliography.<\/p>\n\n\n\n<p><em>Deliverable 1.1<\/em><\/p>\n<\/div><\/div>\n\n\n\n<div style=\"height:60px\" aria-hidden=\"true\" class=\"wp-block-spacer\"><\/div>\n\n\n\n<div class=\"wp-block-media-text alignwide is-stacked-on-mobile\" style=\"grid-template-columns:15% auto\"><figure class=\"wp-block-media-text__media\"><a href=\"https:\/\/drive.google.com\/file\/d\/1ALiv8I5moW2gi48dvn4Y0ak8Cdj9mnB-\/view?usp=sharing\"><img loading=\"lazy\" decoding=\"async\" width=\"940\" height=\"788\" src=\"https:\/\/www.medheus.uevora.pt\/wp-content\/uploads\/2023\/02\/Icon-PDF.png\" alt=\"\" class=\"wp-image-2270 size-full\" srcset=\"https:\/\/www.medheus.uevora.pt\/wp-content\/uploads\/2023\/02\/Icon-PDF.png 940w, https:\/\/www.medheus.uevora.pt\/wp-content\/uploads\/2023\/02\/Icon-PDF-300x251.png 300w, https:\/\/www.medheus.uevora.pt\/wp-content\/uploads\/2023\/02\/Icon-PDF-768x644.png 768w\" sizes=\"auto, (max-width: 940px) 100vw, 940px\" \/><\/a><\/figure><div class=\"wp-block-media-text__content\">\n<h4 class=\"wp-block-heading\">Learning Materials <\/h4>\n\n\n\n<p><em>Deliverable 1.<\/em>2<\/p>\n<\/div><\/div>\n\n\n\n<div style=\"height:60px\" aria-hidden=\"true\" class=\"wp-block-spacer\"><\/div>\n\n\n\n<div class=\"wp-block-media-text alignwide is-stacked-on-mobile\" style=\"grid-template-columns:15% auto\"><figure class=\"wp-block-media-text__media\"><a href=\"https:\/\/www.medheus.uevora.pt\/index.php\/events\/keynote-lectures\/\"><img loading=\"lazy\" decoding=\"async\" width=\"940\" height=\"788\" src=\"https:\/\/www.medheus.uevora.pt\/wp-content\/uploads\/2025\/01\/Design-sem-nome-80.png\" alt=\"\" class=\"wp-image-3711 size-full\" srcset=\"https:\/\/www.medheus.uevora.pt\/wp-content\/uploads\/2025\/01\/Design-sem-nome-80.png 940w, https:\/\/www.medheus.uevora.pt\/wp-content\/uploads\/2025\/01\/Design-sem-nome-80-300x251.png 300w, https:\/\/www.medheus.uevora.pt\/wp-content\/uploads\/2025\/01\/Design-sem-nome-80-768x644.png 768w\" sizes=\"auto, (max-width: 940px) 100vw, 940px\" \/><\/a><\/figure><div class=\"wp-block-media-text__content\">\n<h4 class=\"wp-block-heading\">Keynote Lectures<\/h4>\n\n\n\n<p><em>Deliverable 1.3<\/em><\/p>\n<\/div><\/div>\n\n\n\n<div style=\"height:60px\" aria-hidden=\"true\" class=\"wp-block-spacer\"><\/div>\n\n\n\n<div class=\"wp-block-media-text alignwide is-stacked-on-mobile\" style=\"grid-template-columns:15% auto\"><figure class=\"wp-block-media-text__media\"><img loading=\"lazy\" decoding=\"async\" width=\"823\" height=\"690\" src=\"https:\/\/www.medheus.uevora.pt\/wp-content\/uploads\/2025\/10\/Design-sem-nome-91.png\" alt=\"\" class=\"wp-image-3794 size-full\" srcset=\"https:\/\/www.medheus.uevora.pt\/wp-content\/uploads\/2025\/10\/Design-sem-nome-91.png 823w, https:\/\/www.medheus.uevora.pt\/wp-content\/uploads\/2025\/10\/Design-sem-nome-91-300x252.png 300w, https:\/\/www.medheus.uevora.pt\/wp-content\/uploads\/2025\/10\/Design-sem-nome-91-768x644.png 768w\" sizes=\"auto, (max-width: 823px) 100vw, 823px\" \/><\/figure><div class=\"wp-block-media-text__content\">\n<h4 class=\"wp-block-heading\">e-Book | <em>Cultural challenges of a changing Europe<\/em> <\/h4>\n\n\n\n<p><em>Deliverable 1.4<\/em><\/p>\n\n\n\n<p class=\"has-text-align-left has-small-font-size\">Currently under peer review for publication by <a href=\"https:\/\/books.openedition.org\/\">OpenEdition Books<\/a> | CIDEHUS \u2013 University of \u00c9vora (series <em><a href=\"https:\/\/books.openedition.org\/cidehus\/96\">Biblioteca \u2013 Estudos &amp; Col\u00f3quios<\/a><\/em>).<\/p>\n<\/div><\/div>\n\n\n\n<div style=\"height:60px\" aria-hidden=\"true\" class=\"wp-block-spacer\"><\/div>\n\n\n\n<div class=\"wp-block-media-text alignwide is-stacked-on-mobile\" style=\"grid-template-columns:15% auto\"><figure class=\"wp-block-media-text__media\"><img loading=\"lazy\" decoding=\"async\" width=\"940\" height=\"788\" src=\"https:\/\/www.medheus.uevora.pt\/wp-content\/uploads\/2025\/10\/Design-sem-nome-92.png\" alt=\"\" class=\"wp-image-3795 size-full\" srcset=\"https:\/\/www.medheus.uevora.pt\/wp-content\/uploads\/2025\/10\/Design-sem-nome-92.png 940w, https:\/\/www.medheus.uevora.pt\/wp-content\/uploads\/2025\/10\/Design-sem-nome-92-300x251.png 300w, https:\/\/www.medheus.uevora.pt\/wp-content\/uploads\/2025\/10\/Design-sem-nome-92-768x644.png 768w\" sizes=\"auto, (max-width: 940px) 100vw, 940px\" \/><\/figure><div class=\"wp-block-media-text__content\">\n<h4 class=\"wp-block-heading\">Articles (3)   <\/h4>\n\n\n\n<p><em>Deliverable 1.5<\/em><\/p>\n\n\n\n<p class=\"has-text-align-left has-small-font-size\">Carvalho, Ana (2024) &#8220;<strong>Integrar a sustentabilidade nos museus: desafios e perspectivas<\/strong>&#8220;. <em>MIDAS &#8211; Museus e Estudos Interdisciplinares<\/em>, 19. <a href=\"https:\/\/doi.org\/10.4000\/12ndf\">https:\/\/doi.org\/10.4000\/12ndf<\/a><\/p>\n\n\n\n<p class=\"has-text-align-left has-small-font-size\">Balla, Evanthia (2024) \u201c<strong>European citizenship in quest of a political culture: supranational by law or transnational by politics?<\/strong>\u201d.&nbsp;<em>Revista Jur\u00eddica Portucalense<\/em>, 524\u2013543. <a href=\"https:\/\/doi.org\/10.34625\/issn.2183-2705(36)2024.ic-23\">https:\/\/doi.org\/10.34625\/issn.2183-2705(36)2024.ic-23<\/a><\/p>\n\n\n\n<p class=\"has-small-font-size\">Bombico, S. and Garcia, Leonor (2025) &#8220;<strong>European identity and cultural heritage: the Mediterranean has its say<\/strong>&#8221; [version 1; peer review: 1 approved]. Open Res Europe 2025,\u00a0<strong>5<\/strong>:321.\u00a0<a href=\"https:\/\/doi.org\/10.12688\/openreseurope.21507.1\" target=\"_blank\" rel=\"noreferrer noopener\">https:\/\/doi.org\/10.12688\/openreseurope.21507.1<\/a><\/p>\n<\/div><\/div>\n\n\n\n<div style=\"height:60px\" aria-hidden=\"true\" class=\"wp-block-spacer\"><\/div>\n\n\n\n<div class=\"wp-block-media-text alignwide is-stacked-on-mobile\" style=\"grid-template-columns:15% auto\"><figure class=\"wp-block-media-text__media\"><a href=\"https:\/\/drive.google.com\/file\/d\/18O1YAA_ELqoZa4o5y8_Ke8AQFas5PQ0Y\/view?usp=sharing\"><img loading=\"lazy\" decoding=\"async\" width=\"940\" height=\"788\" src=\"https:\/\/www.medheus.uevora.pt\/wp-content\/uploads\/2023\/02\/Icon-PDF.png\" alt=\"\" class=\"wp-image-2270 size-full\" srcset=\"https:\/\/www.medheus.uevora.pt\/wp-content\/uploads\/2023\/02\/Icon-PDF.png 940w, https:\/\/www.medheus.uevora.pt\/wp-content\/uploads\/2023\/02\/Icon-PDF-300x251.png 300w, https:\/\/www.medheus.uevora.pt\/wp-content\/uploads\/2023\/02\/Icon-PDF-768x644.png 768w\" sizes=\"auto, (max-width: 940px) 100vw, 940px\" \/><\/a><\/figure><div class=\"wp-block-media-text__content\">\n<h4 class=\"wp-block-heading\">Dissemination &amp; Exploitation Plan <\/h4>\n\n\n\n<p>The Dissemination Plan describes the dissemination objectives, the target group for the project, a plan and strategy for dissemination activities and an indication of dissemination tools and products to be designed.<\/p>\n\n\n\n<p><em>Deliverable 1.6<\/em><\/p>\n<\/div><\/div>\n\n\n\n<div style=\"height:60px\" aria-hidden=\"true\" class=\"wp-block-spacer\"><\/div>\n\n\n\n<div class=\"wp-block-media-text alignwide is-stacked-on-mobile\" style=\"grid-template-columns:15% auto\"><figure class=\"wp-block-media-text__media\"><a href=\"www.medheus.uevora.pt\"><img loading=\"lazy\" decoding=\"async\" width=\"940\" height=\"788\" src=\"https:\/\/www.medheus.uevora.pt\/wp-content\/uploads\/2023\/10\/Site.png\" alt=\"\" class=\"wp-image-2773 size-full\" srcset=\"https:\/\/www.medheus.uevora.pt\/wp-content\/uploads\/2023\/10\/Site.png 940w, https:\/\/www.medheus.uevora.pt\/wp-content\/uploads\/2023\/10\/Site-300x251.png 300w, https:\/\/www.medheus.uevora.pt\/wp-content\/uploads\/2023\/10\/Site-768x644.png 768w\" sizes=\"auto, (max-width: 940px) 100vw, 940px\" \/><\/a><\/figure><div class=\"wp-block-media-text__content\">\n<h4 class=\"wp-block-heading\">Project Website <\/h4>\n\n\n\n<p><a href=\"http:\/\/www.medheus.uevora.pt\" data-type=\"link\" data-id=\"www.medheus.uevora.pt\">www.medheus.uevora.pt<\/a><\/p>\n\n\n\n<p><em>Deliverable 1.7<\/em><\/p>\n<\/div><\/div>\n\n\n\n<div style=\"height:60px\" aria-hidden=\"true\" class=\"wp-block-spacer\"><\/div>\n\n\n\n<div class=\"wp-block-media-text alignwide is-stacked-on-mobile\" style=\"grid-template-columns:15% auto\"><figure class=\"wp-block-media-text__media\"><img loading=\"lazy\" decoding=\"async\" width=\"940\" height=\"788\" src=\"https:\/\/www.medheus.uevora.pt\/wp-content\/uploads\/2023\/02\/Icon-PDF.png\" alt=\"\" class=\"wp-image-2270 size-full\" srcset=\"https:\/\/www.medheus.uevora.pt\/wp-content\/uploads\/2023\/02\/Icon-PDF.png 940w, https:\/\/www.medheus.uevora.pt\/wp-content\/uploads\/2023\/02\/Icon-PDF-300x251.png 300w, https:\/\/www.medheus.uevora.pt\/wp-content\/uploads\/2023\/02\/Icon-PDF-768x644.png 768w\" sizes=\"auto, (max-width: 940px) 100vw, 940px\" \/><\/figure><div class=\"wp-block-media-text__content\">\n<h4 class=\"wp-block-heading\">Final Project Report<\/h4>\n\n\n\n<p><em>Deliverable 1.8<\/em><\/p>\n<\/div><\/div>\n\n\n\n<div style=\"height:100px\" aria-hidden=\"true\" class=\"wp-block-spacer\"><\/div>\n\n\n\n<h3 class=\"wp-block-heading has-text-align-left has-neve-link-color-color has-text-color has-link-color wp-elements-a83616dbe9798258ec76dd9b4e2b10c0\">Other outputs<\/h3>\n\n\n\n<hr class=\"wp-block-separator has-alpha-channel-opacity is-style-default\"\/>\n\n\n\n<div style=\"height:40px\" aria-hidden=\"true\" class=\"wp-block-spacer\"><\/div>\n\n\n\n<div class=\"wp-block-media-text alignwide is-stacked-on-mobile\" style=\"grid-template-columns:15% auto\"><figure class=\"wp-block-media-text__media\"><a href=\"https:\/\/www.medheus.uevora.pt\/index.php\/2024\/12\/04\/international-conference-on-euro-mediterranean-policies-for-cultural-heritage-brings-together-researchers-from-9-countries-in-evora\/\"><img loading=\"lazy\" decoding=\"async\" width=\"940\" height=\"788\" src=\"https:\/\/www.medheus.uevora.pt\/wp-content\/uploads\/2025\/01\/Design-sem-nome-81.png\" alt=\"\" class=\"wp-image-3710 size-full\" srcset=\"https:\/\/www.medheus.uevora.pt\/wp-content\/uploads\/2025\/01\/Design-sem-nome-81.png 940w, https:\/\/www.medheus.uevora.pt\/wp-content\/uploads\/2025\/01\/Design-sem-nome-81-300x251.png 300w, https:\/\/www.medheus.uevora.pt\/wp-content\/uploads\/2025\/01\/Design-sem-nome-81-768x644.png 768w\" sizes=\"auto, (max-width: 940px) 100vw, 940px\" \/><\/a><\/figure><div class=\"wp-block-media-text__content\">\n<h4 class=\"wp-block-heading\">International Conference<\/h4>\n\n\n\n<p>On 28 and 29 November 2024, the International Conference&nbsp;<em>\u2018<strong>Europe and the Changing Mediterranean: Policies and Research Agendas for Culture, Heritage, and Sustainability\u2019<\/strong><\/em>&nbsp;was held at the University of \u00c9vora.<\/p>\n<\/div><\/div>\n\n\n\n<div style=\"height:60px\" aria-hidden=\"true\" class=\"wp-block-spacer\"><\/div>\n\n\n\n<div class=\"wp-block-media-text alignwide is-stacked-on-mobile\" style=\"grid-template-columns:15% auto\"><figure class=\"wp-block-media-text__media\"><a href=\"https:\/\/doi.org\/10.60469\/S773-TY47\"><img loading=\"lazy\" decoding=\"async\" width=\"940\" height=\"788\" src=\"https:\/\/www.medheus.uevora.pt\/wp-content\/uploads\/2025\/10\/Design-sem-nome-91-1.png\" alt=\"\" class=\"wp-image-3805 size-full\" srcset=\"https:\/\/www.medheus.uevora.pt\/wp-content\/uploads\/2025\/10\/Design-sem-nome-91-1.png 940w, https:\/\/www.medheus.uevora.pt\/wp-content\/uploads\/2025\/10\/Design-sem-nome-91-1-300x251.png 300w, https:\/\/www.medheus.uevora.pt\/wp-content\/uploads\/2025\/10\/Design-sem-nome-91-1-768x644.png 768w\" sizes=\"auto, (max-width: 940px) 100vw, 940px\" \/><\/a><\/figure><div class=\"wp-block-media-text__content\">\n<h4 class=\"wp-block-heading\"><em>Classical Legacies<\/em> Exhibition<\/h4>\n\n\n\n<p class=\"has-small-font-size\">The <em>Classical Legacies<\/em> exhibition invites visitors to explore the rich cultural heritage of the Greek and Roman civilisations. Through a curated selection of twelve significant artefacts, archaeological sites, classical texts, and other landmarks of Antiquity, the exhibition highlights the enduring influence of the classical world on contemporary societies. This poster exhibition was inaugurated on 6 October 2025 at the University of \u00c9vora and will subsequently become a travelling exhibition. Developed in collaboration with students from the <em>Societies and Classical Cultures<\/em> course, Bachelor\u2019s Degree in Cultural Heritage, University of \u00c9vora (academic year 2024\/2025).<\/p>\n\n\n\n<p class=\"has-small-font-size\">Dias Garcia, L., Bombico, S., &amp; Rocha, L. (2025).&nbsp;<em>Legados Cl\u00e1ssicos &#8211; Cat\u00e1logo da Exposi\u00e7\u00e3o<\/em>. University of \u00c9vora.&nbsp;<a href=\"https:\/\/doi.org\/10.60469\/S773-TY47\" target=\"_blank\" rel=\"noreferrer noopener\">https:\/\/doi.org\/10.60469\/S773-TY47<\/a><br><br><\/p>\n<\/div><\/div>\n\n\n\n<div style=\"height:60px\" aria-hidden=\"true\" class=\"wp-block-spacer\"><\/div>\n\n\n\n<div class=\"wp-block-media-text alignwide is-stacked-on-mobile\" style=\"grid-template-columns:15% auto\"><figure class=\"wp-block-media-text__media\"><a href=\"https:\/\/2k1z0aqnwvm.typeform.com\/to\/qSY6ks6a\"><img loading=\"lazy\" decoding=\"async\" width=\"759\" height=\"480\" src=\"https:\/\/www.medheus.uevora.pt\/wp-content\/uploads\/2023\/10\/Design-sem-nome-39-1.png\" alt=\"\" class=\"wp-image-2818 size-full\" srcset=\"https:\/\/www.medheus.uevora.pt\/wp-content\/uploads\/2023\/10\/Design-sem-nome-39-1.png 759w, https:\/\/www.medheus.uevora.pt\/wp-content\/uploads\/2023\/10\/Design-sem-nome-39-1-300x190.png 300w\" sizes=\"auto, (max-width: 759px) 100vw, 759px\" \/><\/a><\/figure><div class=\"wp-block-media-text__content\">\n<h4 class=\"wp-block-heading\">Quiz <\/h4>\n\n\n\n<p>Quiz on European Cultural Heritage Policies, developed for the European Researchers&#8217; Night (2023)<\/p>\n\n\n\n<p><em>In Portuguese.<\/em><\/p>\n<\/div><\/div>\n\n\n\n<div style=\"height:60px\" aria-hidden=\"true\" class=\"wp-block-spacer\"><\/div>\n\n\n\n<div class=\"wp-block-media-text alignwide is-stacked-on-mobile\" style=\"grid-template-columns:15% auto\"><figure class=\"wp-block-media-text__media\"><img loading=\"lazy\" decoding=\"async\" width=\"940\" height=\"788\" src=\"https:\/\/www.medheus.uevora.pt\/wp-content\/uploads\/2025\/10\/Design-sem-nome-93.png\" alt=\"\" class=\"wp-image-3798 size-full\" srcset=\"https:\/\/www.medheus.uevora.pt\/wp-content\/uploads\/2025\/10\/Design-sem-nome-93.png 940w, https:\/\/www.medheus.uevora.pt\/wp-content\/uploads\/2025\/10\/Design-sem-nome-93-300x251.png 300w, https:\/\/www.medheus.uevora.pt\/wp-content\/uploads\/2025\/10\/Design-sem-nome-93-768x644.png 768w\" sizes=\"auto, (max-width: 940px) 100vw, 940px\" \/><\/figure><div class=\"wp-block-media-text__content\">\n<h4 class=\"wp-block-heading\">Dissemination Materials <\/h4>\n\n\n\n<p class=\"has-neve-link-color-color has-text-color\"><strong><a href=\"https:\/\/drive.google.com\/file\/d\/1eEBGEPf1HK4bHfvQYrzfPoofi8YaQ5h9\/view?usp=sharing\" data-type=\"link\" data-id=\"https:\/\/drive.google.com\/file\/d\/1eEBGEPf1HK4bHfvQYrzfPoofi8YaQ5h9\/view?usp=sharing\">Roll-Up\/Flyer<\/a><\/strong><\/p>\n\n\n\n<p><a href=\"https:\/\/drive.google.com\/drive\/folders\/13pdVlTxQqAO0Luo2amG0DSm2tv3ANb4z?usp=sharing\"><strong>Graphic ID<\/strong><\/a><\/p>\n\n\n\n<p><a href=\"https:\/\/www.youtube.com\/watch?v=C_5c1fnZzGM&amp;list=PLzkgFt5oWQQ4fk5A3W5dK0Ti31KXttBBy\"><strong>Project promotional video<\/strong><\/a><\/p>\n<\/div><\/div>\n\n\n\n<div style=\"height:100px\" aria-hidden=\"true\" class=\"wp-block-spacer\"><\/div>\n\n\n\n<p><\/p>\n","protected":false},"excerpt":{"rendered":"<p>In this section the project results foreseen by the MEDHEUS work plan are made available. Delirevables Module Syllabus Descriptive document of the contents of the 60 hours module on &#8220;Mediterranean Cultural Heritage in EU Policies&#8221;. It contains information about assessment methods, scheduling, course structure, lesson plans, and indication of resources to explore, readings and essential&hellip;&nbsp;<a href=\"https:\/\/www.medheus.uevora.pt\/index.php\/results\/\" class=\"\" rel=\"bookmark\">Ler mais &raquo;<span class=\"screen-reader-text\">Results<\/span><\/a><\/p>\n","protected":false},"author":1,"featured_media":0,"parent":0,"menu_order":0,"comment_status":"closed","ping_status":"closed","template":"","meta":{"neve_meta_sidebar":"","neve_meta_container":"","neve_meta_enable_content_width":"","neve_meta_content_width":0,"neve_meta_title_alignment":"","neve_meta_author_avatar":"","neve_post_elements_order":"","neve_meta_disable_header":"","neve_meta_disable_footer":"","neve_meta_disable_title":"","footnotes":""},"class_list":["post-2267","page","type-page","status-publish","hentry"],"_links":{"self":[{"href":"https:\/\/www.medheus.uevora.pt\/index.php\/wp-json\/wp\/v2\/pages\/2267","targetHints":{"allow":["GET"]}}],"collection":[{"href":"https:\/\/www.medheus.uevora.pt\/index.php\/wp-json\/wp\/v2\/pages"}],"about":[{"href":"https:\/\/www.medheus.uevora.pt\/index.php\/wp-json\/wp\/v2\/types\/page"}],"author":[{"embeddable":true,"href":"https:\/\/www.medheus.uevora.pt\/index.php\/wp-json\/wp\/v2\/users\/1"}],"replies":[{"embeddable":true,"href":"https:\/\/www.medheus.uevora.pt\/index.php\/wp-json\/wp\/v2\/comments?post=2267"}],"version-history":[{"count":24,"href":"https:\/\/www.medheus.uevora.pt\/index.php\/wp-json\/wp\/v2\/pages\/2267\/revisions"}],"predecessor-version":[{"id":3883,"href":"https:\/\/www.medheus.uevora.pt\/index.php\/wp-json\/wp\/v2\/pages\/2267\/revisions\/3883"}],"wp:attachment":[{"href":"https:\/\/www.medheus.uevora.pt\/index.php\/wp-json\/wp\/v2\/media?parent=2267"}],"curies":[{"name":"wp","href":"https:\/\/api.w.org\/{rel}","templated":true}]}}